{"id":1175,"date":"2025-08-22T22:51:57","date_gmt":"2025-08-23T02:51:57","guid":{"rendered":"https:\/\/censusroadmap.org\/?post_type=tribe_events&#038;p=1175"},"modified":"2025-08-22T22:59:16","modified_gmt":"2025-08-23T02:59:16","slug":"using-poverty-and-health-insurance-facts-in-hard-times","status":"publish","type":"tribe_events","link":"https:\/\/censusroadmap.org\/es\/event\/using-poverty-and-health-insurance-facts-in-hard-times\/","title":{"rendered":"Utilizando datos sobre la pobreza y el seguro de salud en tiempos dif\u00edciles (Coalici\u00f3n sobre Necesidades Humanas)"},"content":{"rendered":"<p style=\"font-weight: 400;\"><strong>FONDO:<\/strong><\/p>\n<div class=\"register-form-info mgt-lg\" data-v-61c9b45a=\"\">\n<div class=\"content mgt-xl pdb-xl pdt-lg\" data-v-61c9b45a=\"\">\n<div data-v-61c9b45a=\"\">\n<div class=\"info\" data-v-61c9b45a=\"\">\n<div class=\"zoom-row mgb-md\" data-v-61c9b45a=\"\">\n<div class=\"zoom-col zoom-col-9 pdl-xs w-sp\" data-v-61c9b45a=\"\">La Oficina del Censo publicar\u00e1 datos sobre pobreza, ingresos, seguro m\u00e9dico y otros datos de 2024 el 9 y 11 de septiembre. El seminario web de CHN, previo a la publicaci\u00f3n, le ense\u00f1ar\u00e1 c\u00f3mo encontrar datos estatales, locales y nacionales, para ayudarlo a mostrar la conexi\u00f3n entre las opciones de pol\u00edticas federales y estatales y las cifras de personas en situaci\u00f3n de pobreza o sin seguro.<\/div>\n<div data-v-61c9b45a=\"\"><\/div>\n<div class=\"zoom-col zoom-col-9 pdl-xs w-sp\" data-v-61c9b45a=\"\">Sabemos que el Congreso y el Presidente han tomado algunas decisiones pol\u00edticas que, de no modificarse, reducir\u00e1n dr\u00e1sticamente la financiaci\u00f3n y las prestaciones de los programas de necesidades b\u00e1sicas. Por eso, es especialmente importante mostrar c\u00f3mo las mejoras pol\u00edticas anteriores redujeron la pobreza y la cantidad de personas sin seguro m\u00e9dico. Le mostraremos c\u00f3mo aplicar estos puntos a su estado y c\u00f3mo conectarlos con los peligros que se avecinan.<\/div>\n<div data-v-61c9b45a=\"\"><\/div>\n<div class=\"zoom-col zoom-col-9 pdl-xs w-sp\" data-v-61c9b45a=\"\">Entre los ponentes se incluye un panel de expertos con Christopher Wimer, director del Centro de Pobreza y Pol\u00edtica Social de la Universidad de Columbia; Danilo Trisi, consultor del Centro de Prioridades Presupuestarias y Pol\u00edticas; y Gina Plata-Nino, directora interina de SNAP del Centro de Investigaci\u00f3n y Acci\u00f3n Alimentaria. Daremos la bienvenida a Edwin Park, profesor de investigaci\u00f3n del Centro para Ni\u00f1os y Familias de la Universidad de Georgetown, quien hablar\u00e1 sobre las tendencias de las personas sin seguro m\u00e9dico. Adem\u00e1s, recibir\u00e1 consejos pr\u00e1cticos anuales de Deborah Weinstein, directora ejecutiva de CHN, sobre d\u00f3nde encontrar los datos que necesita en los comunicados de la Oficina del Censo que muestran la pobreza, con desgloses por edad, raza\/etnia y discapacidad, pol\u00edticas que pueden reducir la pobreza y tendencias en seguros m\u00e9dicos.<\/div>\n<div data-v-61c9b45a=\"\"><\/div>\n<div class=\"zoom-col zoom-col-9 pdl-xs w-sp\" data-v-61c9b45a=\"\">Todos los inscritos recibir\u00e1n la grabaci\u00f3n del seminario web y las diapositivas, as\u00ed como otros recursos, antes de las publicaciones de la Oficina del Censo los d\u00edas 9 y 11 de septiembre. Adem\u00e1s, recibir\u00e1n an\u00e1lisis r\u00e1pidos de los nuevos datos despu\u00e9s de su publicaci\u00f3n, incluyendo tablas con desgloses por estado y distrito congresional, por edad y por raza\/etnia.<\/div>\n<\/div>\n<\/div>\n<\/div>\n<\/div>\n<div data-v-6596bae5=\"\" data-v-61c9b45a=\"\"><\/div>\n<\/div>\n<div class=\"fusion-button-wrapper\"><a class=\"fusion-button button-flat button-medium button-default fusion-button-default button-1 fusion-button-default-span fusion-button-default-type\" target=\"_blank\" rel=\"noopener noreferrer\" href=\"https:\/\/us02web.zoom.us\/webinar\/register\/WN_kPSsF6OGReqsOChGttFJlQ#\/registration\"><span class=\"fusion-button-text awb-button__text awb-button__text--default\">Haga clic aqu\u00ed para confirmar su asistencia<\/span><\/a><\/div>","protected":false},"excerpt":{"rendered":"<p>ANTECEDENTES: La Oficina del Censo publicar\u00e1 datos sobre pobreza, ingresos, seguro m\u00e9dico y otros datos de 2024 el 9 y 11 de septiembre. CHN...<\/p>","protected":false},"author":3,"featured_media":1176,"template":"","meta":{"_tribe_events_status":"","_tribe_events_status_reason":"","_tribe_events_is_hybrid":"","_tribe_events_is_virtual":"","_tribe_events_virtual_video_source":"","_tribe_events_virtual_embed_video":"","_tribe_events_virtual_linked_button_text":"","_tribe_events_virtual_linked_button":"","_tribe_events_virtual_show_embed_at":"","_tribe_events_virtual_show_embed_to":[],"_tribe_events_virtual_show_on_event":"","_tribe_events_virtual_show_on_views":"","_tribe_events_virtual_url":"","footnotes":""},"tags":[40],"tribe_events_cat":[52],"class_list":["post-1175","tribe_events","type-tribe_events","status-publish","has-post-thumbnail","hentry","tag-zoom","tribe_events_cat-webinar","cat_webinar"],"_links":{"self":[{"href":"https:\/\/censusroadmap.org\/es\/wp-json\/wp\/v2\/tribe_events\/1175","targetHints":{"allow":["GET"]}}],"collection":[{"href":"https:\/\/censusroadmap.org\/es\/wp-json\/wp\/v2\/tribe_events"}],"about":[{"href":"https:\/\/censusroadmap.org\/es\/wp-json\/wp\/v2\/types\/tribe_events"}],"author":[{"embeddable":true,"href":"https:\/\/censusroadmap.org\/es\/wp-json\/wp\/v2\/users\/3"}],"version-history":[{"count":0,"href":"https:\/\/censusroadmap.org\/es\/wp-json\/wp\/v2\/tribe_events\/1175\/revisions"}],"wp:featuredmedia":[{"embeddable":true,"href":"https:\/\/censusroadmap.org\/es\/wp-json\/wp\/v2\/media\/1176"}],"wp:attachment":[{"href":"https:\/\/censusroadmap.org\/es\/wp-json\/wp\/v2\/media?parent=1175"}],"wp:term":[{"taxonomy":"post_tag","embeddable":true,"href":"https:\/\/censusroadmap.org\/es\/wp-json\/wp\/v2\/tags?post=1175"},{"taxonomy":"tribe_events_cat","embeddable":true,"href":"https:\/\/censusroadmap.org\/es\/wp-json\/wp\/v2\/tribe_events_cat?post=1175"}],"curies":[{"name":"gracias","href":"https:\/\/api.w.org\/{rel}","templated":true}]}}